{"id":138,"date":"2023-10-09T14:15:16","date_gmt":"2023-10-09T14:15:16","guid":{"rendered":"https:\/\/www.alsolen.com\/?page_id=138"},"modified":"2023-10-09T16:25:07","modified_gmt":"2023-10-09T16:25:07","slug":"electricite","status":"publish","type":"page","link":"https:\/\/www.alsolen.com\/index.php\/electricite\/","title":{"rendered":"Electricit\u00e9"},"content":{"rendered":"<p>[et_pb_section fb_built=\u00a0\u00bb1&Prime; _builder_version=\u00a0\u00bb4.22.2&Prime; _module_preset=\u00a0\u00bbdefault\u00a0\u00bb background_enable_image=\u00a0\u00bboff\u00a0\u00bb custom_margin=\u00a0\u00bb0px||||false|false\u00a0\u00bb custom_padding=\u00a0\u00bb0px|0px|0px|0px|false|false\u00a0\u00bb global_colors_info=\u00a0\u00bb{}\u00a0\u00bb][et_pb_row _builder_version=\u00a0\u00bb4.22.2&Prime; _module_preset=\u00a0\u00bbdefault\u00a0\u00bb background_image=\u00a0\u00bbhttps:\/\/www.alsolen.com\/wp-content\/uploads\/2023\/10\/Poteaux-22052023.png\u00a0\u00bb min_height=\u00a0\u00bb350px\u00a0\u00bb custom_margin=\u00a0\u00bb0px||0px||false|false\u00a0\u00bb custom_padding=\u00a0\u00bb0px||0px||false|false\u00a0\u00bb hover_enabled=\u00a0\u00bb0&Prime; global_colors_info=\u00a0\u00bb{}\u00a0\u00bb sticky_enabled=\u00a0\u00bb0&Prime; disabled_on=\u00a0\u00bbon|off|off\u00a0\u00bb][et_pb_column type=\u00a0\u00bb4_4&Prime; _builder_version=\u00a0\u00bb4.22.2&Prime; _module_preset=\u00a0\u00bbdefault\u00a0\u00bb global_colors_info=\u00a0\u00bb{}\u00a0\u00bb][et_pb_text _builder_version=\u00a0\u00bb4.22.2&Prime; _module_preset=\u00a0\u00bbdefault\u00a0\u00bb text_font=\u00a0\u00bbRoboto|700|||||||\u00a0\u00bb text_text_color=\u00a0\u00bb#fab700&Prime; text_font_size=\u00a0\u00bb32px\u00a0\u00bb background_color=\u00a0\u00bbrgba(252,252,252,0.91)\u00a0\u00bb width=\u00a0\u00bb43%\u00a0\u00bb min_height=\u00a0\u00bb350px\u00a0\u00bb custom_margin=\u00a0\u00bb0px||0px||false|false\u00a0\u00bb custom_padding=\u00a0\u00bb20px|||20px|false|false\u00a0\u00bb global_colors_info=\u00a0\u00bb{}\u00a0\u00bb]<\/p>\n<p>Centrale de production d&rsquo;\u00e9lectricit\u00e9<\/p>\n<p>[\/et_pb_text][\/et_pb_column][\/et_pb_row][et_pb_row _builder_version=\u00a0\u00bb4.22.2&Prime; _module_preset=\u00a0\u00bbdefault\u00a0\u00bb global_colors_info=\u00a0\u00bb{}\u00a0\u00bb column_structure=\u00a0\u00bb1_2,1_2&Prime; sticky_enabled=\u00a0\u00bb0&Prime; disabled_on=\u00a0\u00bboff|on|on\u00a0\u00bb locked=\u00a0\u00bboff\u00a0\u00bb width_phone=\u00a0\u00bb90%\u00a0\u00bb width_last_edited=\u00a0\u00bbon|phone\u00a0\u00bb][et_pb_column type=\u00a0\u00bb1_2&Prime; _builder_version=\u00a0\u00bb4.22.2&Prime; _module_preset=\u00a0\u00bbdefault\u00a0\u00bb hover_enabled=\u00a0\u00bb0&Prime; global_colors_info=\u00a0\u00bb{}\u00a0\u00bb sticky_enabled=\u00a0\u00bb0&Prime;][et_pb_text _builder_version=\u00a0\u00bb4.22.2&Prime; _module_preset=\u00a0\u00bbdefault\u00a0\u00bb text_font=\u00a0\u00bbRoboto|700|||||||\u00a0\u00bb text_text_color=\u00a0\u00bb#fab700&Prime; text_font_size=\u00a0\u00bb30px\u00a0\u00bb custom_margin=\u00a0\u00bb0px||0px||false|false\u00a0\u00bb custom_padding=\u00a0\u00bb0px|||0px|false|false\u00a0\u00bb hover_enabled=\u00a0\u00bb0&Prime; global_colors_info=\u00a0\u00bb{}\u00a0\u00bb sticky_enabled=\u00a0\u00bb0&Prime; background_enable_color=\u00a0\u00bboff\u00a0\u00bb]<\/p>\n<p>Centrale de production d&rsquo;\u00e9lectricit\u00e9<\/p>\n<p>[\/et_pb_text][\/et_pb_column][et_pb_column _builder_version=\u00a0\u00bb4.22.2&Prime; _module_preset=\u00a0\u00bbdefault\u00a0\u00bb type=\u00a0\u00bb1_2&Prime; hover_enabled=\u00a0\u00bb0&Prime; sticky_enabled=\u00a0\u00bb0&Prime;][et_pb_image src=\u00a0\u00bbhttps:\/\/www.alsolen.com\/wp-content\/uploads\/2023\/10\/Poteaux-22052023.png\u00a0\u00bb _builder_version=\u00a0\u00bb4.22.2&Prime; _module_preset=\u00a0\u00bbdefault\u00a0\u00bb title_text=\u00a0\u00bbPoteaux 22052023&Prime; hover_enabled=\u00a0\u00bb0&Prime; sticky_enabled=\u00a0\u00bb0&Prime;][\/et_pb_image][\/et_pb_column][\/et_pb_row][\/et_pb_section][et_pb_section fb_built=\u00a0\u00bb1&Prime; _builder_version=\u00a0\u00bb4.22.2&Prime; _module_preset=\u00a0\u00bbdefault\u00a0\u00bb global_colors_info=\u00a0\u00bb{}\u00a0\u00bb][et_pb_row column_structure=\u00a0\u00bb3_5,2_5&Prime; _builder_version=\u00a0\u00bb4.22.2&Prime; _module_preset=\u00a0\u00bbdefault\u00a0\u00bb global_colors_info=\u00a0\u00bb{}\u00a0\u00bb width_phone=\u00a0\u00bb90%\u00a0\u00bb width_last_edited=\u00a0\u00bbon|desktop\u00a0\u00bb][et_pb_column type=\u00a0\u00bb3_5&Prime; _builder_version=\u00a0\u00bb4.22.2&Prime; _module_preset=\u00a0\u00bbdefault\u00a0\u00bb global_colors_info=\u00a0\u00bb{}\u00a0\u00bb][et_pb_text ul_item_indent=\u00a0\u00bb50px\u00a0\u00bb _builder_version=\u00a0\u00bb4.22.2&Prime; _module_preset=\u00a0\u00bbdefault\u00a0\u00bb text_font=\u00a0\u00bbRoboto||||||||\u00a0\u00bb ul_font=\u00a0\u00bbRoboto||||||||\u00a0\u00bb header_font=\u00a0\u00bbRoboto||||||||\u00a0\u00bb header_text_color=\u00a0\u00bb#888888&Prime; header_3_font=\u00a0\u00bbRoboto|300|||||||\u00a0\u00bb header_3_text_color=\u00a0\u00bb#888888&Prime; header_3_font_size=\u00a0\u00bb30px\u00a0\u00bb global_colors_info=\u00a0\u00bb{}\u00a0\u00bb]<\/p>\n<h3><span>CENTRALES SOLAIRES HYBRIDES : PRODUCTION JOUR ET NUIT<br \/><\/span><\/h3>\n<p><span><\/span><\/p>\n<p><span><span lang=\"FR\" xml:lang=\"FR\">Nos centrales hybrides (cf. onglet \u00ab\u00a0Multi-productions\u00a0\u00bb) permettent de produire de l\u2019\u00e9lectricit\u00e9. Elles s\u2019appuient sur plusieurs moyens \u00e9prouv\u00e9s de production renouvelable pour r\u00e9pondre au mieux aux besoins, m\u00eame en dehors des heures d\u2019ensoleillement\u00a0:<\/span><\/span><\/p>\n<ul>\n<li><span><span lang=\"FR\" xml:lang=\"FR\">Du Fresnel \u00e0 concentration pour g\u00e9n\u00e9rer la chaleur<\/span><\/span><\/li>\n<li><span><span lang=\"FR\" xml:lang=\"FR\">Du stockage de cette chaleur pour permettre de produire la nuit ou lorsque les conditions m\u00e9t\u00e9orologiques sont mauvaises<\/span><\/span><\/li>\n<li><span><span lang=\"FR\" xml:lang=\"FR\">Des ORC pour g\u00e9n\u00e9rer de\u00a0l\u2019\u00e9lectricit\u00e9 \u00e0 partir de la chaleur<\/span><\/span><\/li>\n<li><span><span lang=\"FR\" xml:lang=\"FR\">Ainsi qu\u2019un champ photovolta\u00efque et des \u00e9oliennes en compl\u00e9ment<\/span><\/span><\/li>\n<\/ul>\n<p><span><span lang=\"FR\" xml:lang=\"FR\">Ces centrales sont :<\/span><\/span><\/p>\n<ul>\n<li><span style=\"color: #ffc000;\"><span lang=\"FR\" xml:lang=\"FR\">Adaptables\u00a0en taille et en puissance<\/span><\/span><\/li>\n<li><span><span lang=\"FR\" xml:lang=\"FR\">Exploitables facilement sur une\u00a0<\/span><span lang=\"FR\" xml:lang=\"FR\" style=\"color: #ffc000;\">dur\u00e9e sup\u00e9rieure \u00e0 25 ans<\/span><span lang=\"FR\" xml:lang=\"FR\">\u00a0et dans le respect de l\u2019environnement<\/span><\/span><\/li>\n<\/ul>\n<p>[\/et_pb_text][\/et_pb_column][et_pb_column type=\u00a0\u00bb2_5&Prime; _builder_version=\u00a0\u00bb4.22.2&Prime; _module_preset=\u00a0\u00bbdefault\u00a0\u00bb global_colors_info=\u00a0\u00bb{}\u00a0\u00bb][et_pb_image src=\u00a0\u00bbhttps:\/\/www.alsolen.com\/wp-content\/uploads\/2023\/10\/DSC_9785-scaled.jpg\u00a0\u00bb alt=\u00a0\u00bbSkid Heat4Cold\u00a0\u00bb title_text=\u00a0\u00bbDSC_9785&Prime; _builder_version=\u00a0\u00bb4.22.2&Prime; _module_preset=\u00a0\u00bbdefault\u00a0\u00bb custom_margin=\u00a0\u00bb||0px||false|false\u00a0\u00bb custom_padding=\u00a0\u00bb||0px||false|false\u00a0\u00bb global_colors_info=\u00a0\u00bb{}\u00a0\u00bb][\/et_pb_image][et_pb_text _builder_version=\u00a0\u00bb4.22.2&Prime; _module_preset=\u00a0\u00bbdefault\u00a0\u00bb locked=\u00a0\u00bboff\u00a0\u00bb global_colors_info=\u00a0\u00bb{}\u00a0\u00bb]<\/p>\n<p style=\"text-align: center;\"><span style=\"color: #888888;\">Centrale hybride<\/span><\/p>\n<p>[\/et_pb_text][\/et_pb_column][\/et_pb_row][et_pb_row _builder_version=\u00a0\u00bb4.22.2&Prime; _module_preset=\u00a0\u00bbdefault\u00a0\u00bb global_colors_info=\u00a0\u00bb{}\u00a0\u00bb width_phone=\u00a0\u00bb90%\u00a0\u00bb width_last_edited=\u00a0\u00bbon|desktop\u00a0\u00bb][et_pb_column type=\u00a0\u00bb4_4&Prime; _builder_version=\u00a0\u00bb4.22.2&Prime; _module_preset=\u00a0\u00bbdefault\u00a0\u00bb global_colors_info=\u00a0\u00bb{}\u00a0\u00bb][et_pb_text ul_item_indent=\u00a0\u00bb50px\u00a0\u00bb _builder_version=\u00a0\u00bb4.22.2&Prime; _module_preset=\u00a0\u00bbdefault\u00a0\u00bb text_font=\u00a0\u00bbRoboto||||||||\u00a0\u00bb ul_font=\u00a0\u00bbRoboto||||||||\u00a0\u00bb header_font=\u00a0\u00bbRoboto||||||||\u00a0\u00bb header_text_color=\u00a0\u00bb#888888&Prime; header_3_font=\u00a0\u00bbRoboto|300|||||||\u00a0\u00bb header_3_text_color=\u00a0\u00bb#888888&Prime; header_3_font_size=\u00a0\u00bb30px\u00a0\u00bb header_4_font=\u00a0\u00bbRoboto|300|||||||\u00a0\u00bb header_4_font_size=\u00a0\u00bb22px\u00a0\u00bb custom_margin=\u00a0\u00bb||-20px||false|false\u00a0\u00bb global_colors_info=\u00a0\u00bb{}\u00a0\u00bb]<\/p>\n<h3><span>CENTRALES PHOTOVOLTAIQUES<\/span><\/h3>\n<h4><span><\/span><span><\/span><span style=\"color: #ffc000;\">3 Types d&rsquo;implantation<\/span><\/h4>\n<p>&nbsp;<\/p>\n<p>[\/et_pb_text][et_pb_image src=\u00a0\u00bbhttps:\/\/www.alsolen.com\/wp-content\/uploads\/2023\/10\/Montage-PV-5_22052023_0.png\u00a0\u00bb title_text=\u00a0\u00bbMontage PV 5_22052023_0&Prime; _builder_version=\u00a0\u00bb4.22.2&Prime; _module_preset=\u00a0\u00bbdefault\u00a0\u00bb global_colors_info=\u00a0\u00bb{}\u00a0\u00bb][\/et_pb_image][\/et_pb_column][\/et_pb_row][et_pb_row column_structure=\u00a0\u00bb3_5,2_5&Prime; _builder_version=\u00a0\u00bb4.22.2&Prime; _module_preset=\u00a0\u00bbdefault\u00a0\u00bb global_colors_info=\u00a0\u00bb{}\u00a0\u00bb width_phone=\u00a0\u00bb90%\u00a0\u00bb width_last_edited=\u00a0\u00bbon|desktop\u00a0\u00bb][et_pb_column type=\u00a0\u00bb3_5&Prime; _builder_version=\u00a0\u00bb4.22.2&Prime; _module_preset=\u00a0\u00bbdefault\u00a0\u00bb global_colors_info=\u00a0\u00bb{}\u00a0\u00bb][et_pb_text ul_item_indent=\u00a0\u00bb50px\u00a0\u00bb _builder_version=\u00a0\u00bb4.22.2&Prime; _module_preset=\u00a0\u00bbdefault\u00a0\u00bb text_font=\u00a0\u00bbRoboto||||||||\u00a0\u00bb ul_font=\u00a0\u00bbRoboto||||||||\u00a0\u00bb header_font=\u00a0\u00bbRoboto||||||||\u00a0\u00bb header_text_color=\u00a0\u00bb#888888&Prime; header_3_font=\u00a0\u00bbRoboto|300|||||||\u00a0\u00bb header_3_text_color=\u00a0\u00bb#888888&Prime; header_3_font_size=\u00a0\u00bb30px\u00a0\u00bb header_4_font=\u00a0\u00bbRoboto|300|||||||\u00a0\u00bb header_4_font_size=\u00a0\u00bb22px\u00a0\u00bb global_colors_info=\u00a0\u00bb{}\u00a0\u00bb header_4_letter_spacing__hover_enabled=\u00a0\u00bbon|desktop\u00a0\u00bb]<\/p>\n<h4 style=\"font-weight: 300;\"><span style=\"color: #ffc000;\">\u00a03 Types d&rsquo;offres avec ou sans stockage<\/span><\/h4>\n<ul style=\"font-weight: 400;\">\n<li><b><strong>Autoconsommation<span>\u00a0<\/span><\/strong><\/b>:\u00a0vous produisez votre propre \u00e9lectricit\u00e9 \u00e0 consommation imm\u00e9diate<\/li>\n<li><b><strong>Revente totale<\/strong><\/b>\u00a0: vous revendez l&rsquo;int\u00e9gralit\u00e9 de l&rsquo;\u00e9lectricit\u00e9 produite *<\/li>\n<li><b><strong>Autoconsommation et revente de surplus<\/strong><\/b><span>\u00a0<\/span>: vous revendez l&rsquo;exc\u00e9dent non consomm\u00e9 *<\/li>\n<\/ul>\n<p style=\"font-weight: 400;\"><sub><em>*Lorsque cela est applicable.<\/em><\/sub><\/p>\n<p>[\/et_pb_text][\/et_pb_column][et_pb_column type=\u00a0\u00bb2_5&Prime; _builder_version=\u00a0\u00bb4.22.2&Prime; _module_preset=\u00a0\u00bbdefault\u00a0\u00bb global_colors_info=\u00a0\u00bb{}\u00a0\u00bb][et_pb_image src=\u00a0\u00bbhttps:\/\/www.alsolen.com\/wp-content\/uploads\/2023\/10\/Picto-Revente-3-19052023.png\u00a0\u00bb alt=\u00a0\u00bbGlace produite par Heat4Cold\u00a0\u00bb title_text=\u00a0\u00bbPicto Revente 3 19052023&Prime; _builder_version=\u00a0\u00bb4.22.2&Prime; _module_preset=\u00a0\u00bbdefault\u00a0\u00bb custom_margin=\u00a0\u00bb||0px||false|false\u00a0\u00bb custom_padding=\u00a0\u00bb||0px||false|false\u00a0\u00bb global_colors_info=\u00a0\u00bb{}\u00a0\u00bb][\/et_pb_image][et_pb_text _builder_version=\u00a0\u00bb4.22.2&Prime; _module_preset=\u00a0\u00bbdefault\u00a0\u00bb locked=\u00a0\u00bboff\u00a0\u00bb global_colors_info=\u00a0\u00bb{}\u00a0\u00bb]<\/p>\n<p style=\"text-align: center;\"><span style=\"color: #888888;\">Revente<\/span><\/p>\n<p>[\/et_pb_text][\/et_pb_column][\/et_pb_row][et_pb_row _builder_version=\u00a0\u00bb4.22.2&Prime; _module_preset=\u00a0\u00bbdefault\u00a0\u00bb global_colors_info=\u00a0\u00bb{}\u00a0\u00bb width_phone=\u00a0\u00bb90%\u00a0\u00bb width_last_edited=\u00a0\u00bbon|desktop\u00a0\u00bb][et_pb_column type=\u00a0\u00bb4_4&Prime; _builder_version=\u00a0\u00bb4.22.2&Prime; _module_preset=\u00a0\u00bbdefault\u00a0\u00bb global_colors_info=\u00a0\u00bb{}\u00a0\u00bb][et_pb_text ul_item_indent=\u00a0\u00bb50px\u00a0\u00bb _builder_version=\u00a0\u00bb4.22.2&Prime; _module_preset=\u00a0\u00bbdefault\u00a0\u00bb text_font=\u00a0\u00bbRoboto||||||||\u00a0\u00bb ul_font=\u00a0\u00bbRoboto||||||||\u00a0\u00bb header_font=\u00a0\u00bbRoboto||||||||\u00a0\u00bb header_text_color=\u00a0\u00bb#888888&Prime; header_3_font=\u00a0\u00bbRoboto|300|||||||\u00a0\u00bb header_3_text_color=\u00a0\u00bb#888888&Prime; header_3_font_size=\u00a0\u00bb30px\u00a0\u00bb header_4_font=\u00a0\u00bbRoboto|300|||||||\u00a0\u00bb header_4_font_size=\u00a0\u00bb22px\u00a0\u00bb global_colors_info=\u00a0\u00bb{}\u00a0\u00bb header_4_letter_spacing__hover_enabled=\u00a0\u00bbon|desktop\u00a0\u00bb]<\/p>\n<h4 style=\"font-weight: 300;\"><span style=\"color: #ffc000;\">Points fort<\/span><\/h4>\n<ul style=\"font-weight: 400;\">\n<li>Dur\u00e9e de vie des modules\u00a0<span style=\"color: #ffc000;\">garantie 25 ans<\/span>, centrale<span>\u00a0<\/span><span style=\"color: #ffc000;\">garantie 20 ans<\/span><\/li>\n<li>Performance :\u00a0Tous les modules sont<span>\u00a0<\/span><span style=\"color: #ffc000;\">test\u00e9s avant installation<\/span><span>\u00a0<\/span>et les moins performants, au regard des garanties de performance des fabricants, sont mis \u00e0 l&rsquo;\u00e9cart. Les performances des modules sont garanties sur toute leur vie (25 ans)<\/li>\n<li>Pack Premium maintenance :\u00a0Une maintenance pr\u00e9ventive est r\u00e9alis\u00e9e annuellement. Une<span>\u00a0<\/span><span style=\"color: #ffc000;\">supervision continue<\/span><span>\u00a0<\/span>est assur\u00e9e par un centre de gestion des alarmes qui d\u00e9clenche, si besoin, des actions curatives<\/li>\n<\/ul>\n<p>[\/et_pb_text][\/et_pb_column][\/et_pb_row][\/et_pb_section]<\/p>\n","protected":false},"excerpt":{"rendered":"<p>Centrale de production d&rsquo;\u00e9lectricit\u00e9Centrale de production d&rsquo;\u00e9lectricit\u00e9CENTRALES SOLAIRES HYBRIDES : PRODUCTION JOUR ET NUIT Nos centrales hybrides (cf. onglet \u00ab\u00a0Multi-productions\u00a0\u00bb) permettent de produire de l\u2019\u00e9lectricit\u00e9. Elles s\u2019appuient sur plusieurs moyens \u00e9prouv\u00e9s de production renouvelable pour r\u00e9pondre au mieux aux besoins, m\u00eame en dehors des heures d\u2019ensoleillement\u00a0: Du Fresnel \u00e0 concentration pour g\u00e9n\u00e9rer la chaleur Du [&hellip;]<\/p>\n","protected":false},"author":1,"featured_media":0,"parent":0,"menu_order":0,"comment_status":"closed","ping_status":"closed","template":"","meta":{"_acf_changed":false,"_et_pb_use_builder":"on","_et_pb_old_content":"<!-- wp:divi\/placeholder \/-->","_et_gb_content_width":"","footnotes":""},"class_list":["post-138","page","type-page","status-publish","hentry"],"acf":[],"_links":{"self":[{"href":"https:\/\/www.alsolen.com\/index.php\/wp-json\/wp\/v2\/pages\/138","targetHints":{"allow":["GET"]}}],"collection":[{"href":"https:\/\/www.alsolen.com\/index.php\/wp-json\/wp\/v2\/pages"}],"about":[{"href":"https:\/\/www.alsolen.com\/index.php\/wp-json\/wp\/v2\/types\/page"}],"author":[{"embeddable":true,"href":"https:\/\/www.alsolen.com\/index.php\/wp-json\/wp\/v2\/users\/1"}],"replies":[{"embeddable":true,"href":"https:\/\/www.alsolen.com\/index.php\/wp-json\/wp\/v2\/comments?post=138"}],"version-history":[{"count":4,"href":"https:\/\/www.alsolen.com\/index.php\/wp-json\/wp\/v2\/pages\/138\/revisions"}],"predecessor-version":[{"id":272,"href":"https:\/\/www.alsolen.com\/index.php\/wp-json\/wp\/v2\/pages\/138\/revisions\/272"}],"wp:attachment":[{"href":"https:\/\/www.alsolen.com\/index.php\/wp-json\/wp\/v2\/media?parent=138"}],"curies":[{"name":"wp","href":"https:\/\/api.w.org\/{rel}","templated":true}]}}